{"id":4669,"date":"2025-09-25T10:07:45","date_gmt":"2025-09-25T08:07:45","guid":{"rendered":"https:\/\/www.gruenden.uni-freiburg.de\/wordpress\/?post_type=event_listing&#038;p=4669"},"modified":"2025-12-11T00:39:52","modified_gmt":"2025-12-10T23:39:52","slug":"online-sprechstunde-zu-unterstuetzungsangeboten-des-gruendungsbueros-7","status":"expired","type":"event_listing","link":"https:\/\/www.gruenden.uni-freiburg.de\/wordpress\/veranstaltung\/online-sprechstunde-zu-unterstuetzungsangeboten-des-gruendungsbueros-7\/","title":{"rendered":"Online-Sprechstunde zu Unterst\u00fctzungsangeboten des Gr\u00fcndungsb\u00fcros"},"content":{"rendered":"\n<p>Du hast eine Gr\u00fcndungsidee und spielst mit dem Gedanken, dich selbst\u00e4ndig zu machen? Was die Arbeit des Gr\u00fcndungsb\u00fcros umfasst, wei\u00dft du eigentlich gar nicht so genau? Du hast offene Fragen, traust dich bisher aber nicht, sie zu stellen?<\/p>\n\n\n\n<p>Dann bist du hier richtig: In unserem neuen Online-Informationsformat erz\u00e4hlen wir dir, was das Gr\u00fcndungsb\u00fcro ist und wie die Universit\u00e4t Freiburg dich auf deinem Weg unterst\u00fctzen kann \u2013 mit Beratung, Veranstaltungen und einem starken Netzwerk. Fragen herzlich willkommen! Klick\u00b4 dich rein und starte smart in dein Gr\u00fcndungsabenteuer!<\/p>\n\n\n\n<p><strong>Wo<\/strong>:<strong> Online<\/strong><br><strong>Wer<\/strong>: Alle, die eine Gr\u00fcnungsidee haben, sich selbstst\u00e4ndig machen wollen oder nur mal ein paar Informationen zu dem Angebot des Gr\u00fcndungsb\u00fcros sammeln wollen.<\/p>\n\n\n\n<p><span style=\"font-size: 16px\">Es ist keine Anmeldung erforderlich, du kannst dich einfach ins Zoom einw\u00e4hlen. Bei Fragen kannst du uns gerne eine Email schicken:&nbsp;<\/span><a style=\"border: 0px;font-size: 16px;margin: 0px;padding: 0px;vertical-align: baseline\" href=\"mailto:zft-gruenden@zv.uni-freiburg.de\">zft-gruenden@zv.uni-freiburg.de<\/a><\/p>\n\n\n\n<div class=\"wp-block-buttons is-layout-flex wp-block-buttons-is-layout-flex\">\n<div class=\"wp-block-button\"><a class=\"wp-block-button__link wp-element-button\" href=\"https:\/\/uni-freiburg.zoom-x.de\/j\/67640751802?pwd=DbnwwuhxKR6xaEumrhPrraBSaLBO7f.1\">Direkt in die Sprechstunde (Zoom)<\/a><\/div>\n<\/div>\n\n\n\n<p><\/p>\n","protected":false},"featured_media":4667,"template":"","meta":{"site-sidebar-layout":"default","site-content-layout":"","ast-site-content-layout":"default","site-content-style":"default","site-sidebar-style":"default","ast-global-header-display":"","ast-banner-title-visibility":"","ast-main-header-display":"","ast-hfb-above-header-display":"","ast-hfb-below-header-display":"","ast-hfb-mobile-header-display":"","site-post-title":"","ast-breadcrumbs-content":"","ast-featured-img":"","footer-sml-layout":"","theme-transparent-header-meta":"","adv-header-id-meta":"","stick-header-meta":"","header-above-stick-meta":"","header-main-stick-meta":"","header-below-stick-meta":"","astra-migrate-meta-layouts":"set","ast-page-background-enabled":"default","ast-page-background-meta":{"desktop":{"background-color":"","background-image":"","background-repeat":"repeat","background-position":"center center","background-size":"auto","background-attachment":"scroll","background-type":"","background-media":"","overlay-type":"","overlay-color":"","overlay-gradient":""},"tablet":{"background-color":"","background-image":"","background-repeat":"repeat","background-position":"center center","background-size":"auto","background-attachment":"scroll","background-type":"","background-media":"","overlay-type":"","overlay-color":"","overlay-gradient":""},"mobile":{"background-color":"","background-image":"","background-repeat":"repeat","background-position":"center center","background-size":"auto","background-attachment":"scroll","background-type":"","background-media":"","overlay-type":"","overlay-color":"","overlay-gradient":""}},"ast-content-background-meta":{"desktop":{"background-color":"var(--ast-global-color-5)","background-image":"","background-repeat":"repeat","background-position":"center center","background-size":"auto","background-attachment":"scroll","background-type":"","background-media":"","overlay-type":"","overlay-color":"","overlay-gradient":""},"tablet":{"background-color":"var(--ast-global-color-5)","background-image":"","background-repeat":"repeat","background-position":"center center","background-size":"auto","background-attachment":"scroll","background-type":"","background-media":"","overlay-type":"","overlay-color":"","overlay-gradient":""},"mobile":{"background-color":"var(--ast-global-color-5)","background-image":"","background-repeat":"repeat","background-position":"center center","background-size":"auto","background-attachment":"scroll","background-type":"","background-media":"","overlay-type":"","overlay-color":"","overlay-gradient":""}}},"event_listing_category":[],"event_listing_type":[42,43,76,41],"class_list":["post-4669","event_listing","type-event_listing","status-expired","has-post-thumbnail","hentry","event_listing_type-deutsch","event_listing_type-english","event_listing_type-all-those-interested-in-founding-a-company-including-external-participants","event_listing_type-gruendungsinteressierte"],"yoast_head":"<!-- This site is optimized with the Yoast SEO plugin v26.2 - https:\/\/yoast.com\/wordpress\/plugins\/seo\/ -->\n<title>Online-Sprechstunde zu Unterst\u00fctzungsangeboten des Gr\u00fcndungsb\u00fcros - Gr\u00fcndungsb\u00fcro Universit\u00e4t Freiburg<\/title>\n<meta name=\"robots\" content=\"index, follow, max-snippet:-1, max-image-preview:large, max-video-preview:-1\" \/>\n<link rel=\"canonical\" href=\"https:\/\/www.gruenden.uni-freiburg.de\/wordpress\/veranstaltung\/online-sprechstunde-zu-unterstuetzungsangeboten-des-gruendungsbueros-7\/\" \/>\n<meta property=\"og:locale\" content=\"de_DE\" \/>\n<meta property=\"og:type\" content=\"article\" \/>\n<meta property=\"og:title\" content=\"Online-Sprechstunde zu Unterst\u00fctzungsangeboten des Gr\u00fcndungsb\u00fcros - Gr\u00fcndungsb\u00fcro Universit\u00e4t Freiburg\" \/>\n<meta property=\"og:description\" content=\"Du hast eine Gr\u00fcndungsidee und spielst mit dem Gedanken, dich selbst\u00e4ndig zu machen? Was die Arbeit des Gr\u00fcndungsb\u00fcros umfasst, wei\u00dft du eigentlich gar nicht so genau? Du hast offene Fragen, traust dich bisher aber nicht, sie zu stellen? Dann bist du hier richtig: In unserem neuen Online-Informationsformat erz\u00e4hlen wir dir, was das Gr\u00fcndungsb\u00fcro ist und [&hellip;]\" \/>\n<meta property=\"og:url\" content=\"https:\/\/www.gruenden.uni-freiburg.de\/wordpress\/veranstaltung\/online-sprechstunde-zu-unterstuetzungsangeboten-des-gruendungsbueros-7\/\" \/>\n<meta property=\"og:site_name\" content=\"Gr\u00fcndungsb\u00fcro Universit\u00e4t Freiburg\" \/>\n<meta property=\"article:modified_time\" content=\"2025-12-10T23:39:52+00:00\" \/>\n<meta property=\"og:image\" content=\"https:\/\/www.gruenden.uni-freiburg.de\/wordpress\/wp-content\/uploads\/2025\/09\/4-1-1024x512.png\" \/>\n\t<meta property=\"og:image:width\" content=\"1024\" \/>\n\t<meta property=\"og:image:height\" content=\"512\" \/>\n\t<meta property=\"og:image:type\" content=\"image\/png\" \/>\n<meta name=\"twitter:card\" content=\"summary_large_image\" \/>\n<meta name=\"twitter:label1\" content=\"Gesch\u00e4tzte Lesezeit\" \/>\n\t<meta name=\"twitter:data1\" content=\"1\u00a0Minute\" \/>\n<script type=\"application\/ld+json\" class=\"yoast-schema-graph\">{\"@context\":\"https:\/\/schema.org\",\"@graph\":[{\"@type\":\"WebPage\",\"@id\":\"https:\/\/www.gruenden.uni-freiburg.de\/wordpress\/veranstaltung\/online-sprechstunde-zu-unterstuetzungsangeboten-des-gruendungsbueros-7\/\",\"url\":\"https:\/\/www.gruenden.uni-freiburg.de\/wordpress\/veranstaltung\/online-sprechstunde-zu-unterstuetzungsangeboten-des-gruendungsbueros-7\/\",\"name\":\"Online-Sprechstunde zu Unterst\u00fctzungsangeboten des Gr\u00fcndungsb\u00fcros - Gr\u00fcndungsb\u00fcro Universit\u00e4t Freiburg\",\"isPartOf\":{\"@id\":\"https:\/\/www.gruenden.uni-freiburg.de\/wordpress\/#website\"},\"primaryImageOfPage\":{\"@id\":\"https:\/\/www.gruenden.uni-freiburg.de\/wordpress\/veranstaltung\/online-sprechstunde-zu-unterstuetzungsangeboten-des-gruendungsbueros-7\/#primaryimage\"},\"image\":{\"@id\":\"https:\/\/www.gruenden.uni-freiburg.de\/wordpress\/veranstaltung\/online-sprechstunde-zu-unterstuetzungsangeboten-des-gruendungsbueros-7\/#primaryimage\"},\"thumbnailUrl\":\"https:\/\/www.gruenden.uni-freiburg.de\/wordpress\/wp-content\/uploads\/2025\/09\/4-1.png\",\"datePublished\":\"2025-09-25T08:07:45+00:00\",\"dateModified\":\"2025-12-10T23:39:52+00:00\",\"breadcrumb\":{\"@id\":\"https:\/\/www.gruenden.uni-freiburg.de\/wordpress\/veranstaltung\/online-sprechstunde-zu-unterstuetzungsangeboten-des-gruendungsbueros-7\/#breadcrumb\"},\"inLanguage\":\"de\",\"potentialAction\":[{\"@type\":\"ReadAction\",\"target\":[\"https:\/\/www.gruenden.uni-freiburg.de\/wordpress\/veranstaltung\/online-sprechstunde-zu-unterstuetzungsangeboten-des-gruendungsbueros-7\/\"]}]},{\"@type\":\"ImageObject\",\"inLanguage\":\"de\",\"@id\":\"https:\/\/www.gruenden.uni-freiburg.de\/wordpress\/veranstaltung\/online-sprechstunde-zu-unterstuetzungsangeboten-des-gruendungsbueros-7\/#primaryimage\",\"url\":\"https:\/\/www.gruenden.uni-freiburg.de\/wordpress\/wp-content\/uploads\/2025\/09\/4-1.png\",\"contentUrl\":\"https:\/\/www.gruenden.uni-freiburg.de\/wordpress\/wp-content\/uploads\/2025\/09\/4-1.png\",\"width\":2160,\"height\":1080},{\"@type\":\"BreadcrumbList\",\"@id\":\"https:\/\/www.gruenden.uni-freiburg.de\/wordpress\/veranstaltung\/online-sprechstunde-zu-unterstuetzungsangeboten-des-gruendungsbueros-7\/#breadcrumb\",\"itemListElement\":[{\"@type\":\"ListItem\",\"position\":1,\"name\":\"Startseite\",\"item\":\"https:\/\/www.gruenden.uni-freiburg.de\/wordpress\/\"},{\"@type\":\"ListItem\",\"position\":2,\"name\":\"Online-Sprechstunde zu Unterst\u00fctzungsangeboten des Gr\u00fcndungsb\u00fcros\"}]},{\"@type\":\"WebSite\",\"@id\":\"https:\/\/www.gruenden.uni-freiburg.de\/wordpress\/#website\",\"url\":\"https:\/\/www.gruenden.uni-freiburg.de\/wordpress\/\",\"name\":\"Gr\u00fcndungsb\u00fcro Universit\u00e4t Freiburg\",\"description\":\"gr\u00fcnden\",\"publisher\":{\"@id\":\"https:\/\/www.gruenden.uni-freiburg.de\/wordpress\/#organization\"},\"potentialAction\":[{\"@type\":\"SearchAction\",\"target\":{\"@type\":\"EntryPoint\",\"urlTemplate\":\"https:\/\/www.gruenden.uni-freiburg.de\/wordpress\/?s={search_term_string}\"},\"query-input\":{\"@type\":\"PropertyValueSpecification\",\"valueRequired\":true,\"valueName\":\"search_term_string\"}}],\"inLanguage\":\"de\"},{\"@type\":\"Organization\",\"@id\":\"https:\/\/www.gruenden.uni-freiburg.de\/wordpress\/#organization\",\"name\":\"Gr\u00fcndungsb\u00fcro Universit\u00e4t Freiburg\",\"url\":\"https:\/\/www.gruenden.uni-freiburg.de\/wordpress\/\",\"logo\":{\"@type\":\"ImageObject\",\"inLanguage\":\"de\",\"@id\":\"https:\/\/www.gruenden.uni-freiburg.de\/wordpress\/#\/schema\/logo\/image\/\",\"url\":\"https:\/\/www.gruenden.uni-freiburg.de\/wordpress\/wp-content\/uploads\/2025\/09\/Logo_GB_blauer_Hintergrund_gruen.png\",\"contentUrl\":\"https:\/\/www.gruenden.uni-freiburg.de\/wordpress\/wp-content\/uploads\/2025\/09\/Logo_GB_blauer_Hintergrund_gruen.png\",\"width\":500,\"height\":500,\"caption\":\"Gr\u00fcndungsb\u00fcro Universit\u00e4t Freiburg\"},\"image\":{\"@id\":\"https:\/\/www.gruenden.uni-freiburg.de\/wordpress\/#\/schema\/logo\/image\/\"}}]}<\/script>\n<!-- \/ Yoast SEO plugin. -->","yoast_head_json":{"title":"Online-Sprechstunde zu Unterst\u00fctzungsangeboten des Gr\u00fcndungsb\u00fcros - Gr\u00fcndungsb\u00fcro Universit\u00e4t Freiburg","robots":{"index":"index","follow":"follow","max-snippet":"max-snippet:-1","max-image-preview":"max-image-preview:large","max-video-preview":"max-video-preview:-1"},"canonical":"https:\/\/www.gruenden.uni-freiburg.de\/wordpress\/veranstaltung\/online-sprechstunde-zu-unterstuetzungsangeboten-des-gruendungsbueros-7\/","og_locale":"de_DE","og_type":"article","og_title":"Online-Sprechstunde zu Unterst\u00fctzungsangeboten des Gr\u00fcndungsb\u00fcros - Gr\u00fcndungsb\u00fcro Universit\u00e4t Freiburg","og_description":"Du hast eine Gr\u00fcndungsidee und spielst mit dem Gedanken, dich selbst\u00e4ndig zu machen? Was die Arbeit des Gr\u00fcndungsb\u00fcros umfasst, wei\u00dft du eigentlich gar nicht so genau? Du hast offene Fragen, traust dich bisher aber nicht, sie zu stellen? Dann bist du hier richtig: In unserem neuen Online-Informationsformat erz\u00e4hlen wir dir, was das Gr\u00fcndungsb\u00fcro ist und [&hellip;]","og_url":"https:\/\/www.gruenden.uni-freiburg.de\/wordpress\/veranstaltung\/online-sprechstunde-zu-unterstuetzungsangeboten-des-gruendungsbueros-7\/","og_site_name":"Gr\u00fcndungsb\u00fcro Universit\u00e4t Freiburg","article_modified_time":"2025-12-10T23:39:52+00:00","og_image":[{"width":1024,"height":512,"url":"https:\/\/www.gruenden.uni-freiburg.de\/wordpress\/wp-content\/uploads\/2025\/09\/4-1-1024x512.png","type":"image\/png"}],"twitter_card":"summary_large_image","twitter_misc":{"Gesch\u00e4tzte Lesezeit":"1\u00a0Minute"},"schema":{"@context":"https:\/\/schema.org","@graph":[{"@type":"WebPage","@id":"https:\/\/www.gruenden.uni-freiburg.de\/wordpress\/veranstaltung\/online-sprechstunde-zu-unterstuetzungsangeboten-des-gruendungsbueros-7\/","url":"https:\/\/www.gruenden.uni-freiburg.de\/wordpress\/veranstaltung\/online-sprechstunde-zu-unterstuetzungsangeboten-des-gruendungsbueros-7\/","name":"Online-Sprechstunde zu Unterst\u00fctzungsangeboten des Gr\u00fcndungsb\u00fcros - Gr\u00fcndungsb\u00fcro Universit\u00e4t Freiburg","isPartOf":{"@id":"https:\/\/www.gruenden.uni-freiburg.de\/wordpress\/#website"},"primaryImageOfPage":{"@id":"https:\/\/www.gruenden.uni-freiburg.de\/wordpress\/veranstaltung\/online-sprechstunde-zu-unterstuetzungsangeboten-des-gruendungsbueros-7\/#primaryimage"},"image":{"@id":"https:\/\/www.gruenden.uni-freiburg.de\/wordpress\/veranstaltung\/online-sprechstunde-zu-unterstuetzungsangeboten-des-gruendungsbueros-7\/#primaryimage"},"thumbnailUrl":"https:\/\/www.gruenden.uni-freiburg.de\/wordpress\/wp-content\/uploads\/2025\/09\/4-1.png","datePublished":"2025-09-25T08:07:45+00:00","dateModified":"2025-12-10T23:39:52+00:00","breadcrumb":{"@id":"https:\/\/www.gruenden.uni-freiburg.de\/wordpress\/veranstaltung\/online-sprechstunde-zu-unterstuetzungsangeboten-des-gruendungsbueros-7\/#breadcrumb"},"inLanguage":"de","potentialAction":[{"@type":"ReadAction","target":["https:\/\/www.gruenden.uni-freiburg.de\/wordpress\/veranstaltung\/online-sprechstunde-zu-unterstuetzungsangeboten-des-gruendungsbueros-7\/"]}]},{"@type":"ImageObject","inLanguage":"de","@id":"https:\/\/www.gruenden.uni-freiburg.de\/wordpress\/veranstaltung\/online-sprechstunde-zu-unterstuetzungsangeboten-des-gruendungsbueros-7\/#primaryimage","url":"https:\/\/www.gruenden.uni-freiburg.de\/wordpress\/wp-content\/uploads\/2025\/09\/4-1.png","contentUrl":"https:\/\/www.gruenden.uni-freiburg.de\/wordpress\/wp-content\/uploads\/2025\/09\/4-1.png","width":2160,"height":1080},{"@type":"BreadcrumbList","@id":"https:\/\/www.gruenden.uni-freiburg.de\/wordpress\/veranstaltung\/online-sprechstunde-zu-unterstuetzungsangeboten-des-gruendungsbueros-7\/#breadcrumb","itemListElement":[{"@type":"ListItem","position":1,"name":"Startseite","item":"https:\/\/www.gruenden.uni-freiburg.de\/wordpress\/"},{"@type":"ListItem","position":2,"name":"Online-Sprechstunde zu Unterst\u00fctzungsangeboten des Gr\u00fcndungsb\u00fcros"}]},{"@type":"WebSite","@id":"https:\/\/www.gruenden.uni-freiburg.de\/wordpress\/#website","url":"https:\/\/www.gruenden.uni-freiburg.de\/wordpress\/","name":"Gr\u00fcndungsb\u00fcro Universit\u00e4t Freiburg","description":"gr\u00fcnden","publisher":{"@id":"https:\/\/www.gruenden.uni-freiburg.de\/wordpress\/#organization"},"potentialAction":[{"@type":"SearchAction","target":{"@type":"EntryPoint","urlTemplate":"https:\/\/www.gruenden.uni-freiburg.de\/wordpress\/?s={search_term_string}"},"query-input":{"@type":"PropertyValueSpecification","valueRequired":true,"valueName":"search_term_string"}}],"inLanguage":"de"},{"@type":"Organization","@id":"https:\/\/www.gruenden.uni-freiburg.de\/wordpress\/#organization","name":"Gr\u00fcndungsb\u00fcro Universit\u00e4t Freiburg","url":"https:\/\/www.gruenden.uni-freiburg.de\/wordpress\/","logo":{"@type":"ImageObject","inLanguage":"de","@id":"https:\/\/www.gruenden.uni-freiburg.de\/wordpress\/#\/schema\/logo\/image\/","url":"https:\/\/www.gruenden.uni-freiburg.de\/wordpress\/wp-content\/uploads\/2025\/09\/Logo_GB_blauer_Hintergrund_gruen.png","contentUrl":"https:\/\/www.gruenden.uni-freiburg.de\/wordpress\/wp-content\/uploads\/2025\/09\/Logo_GB_blauer_Hintergrund_gruen.png","width":500,"height":500,"caption":"Gr\u00fcndungsb\u00fcro Universit\u00e4t Freiburg"},"image":{"@id":"https:\/\/www.gruenden.uni-freiburg.de\/wordpress\/#\/schema\/logo\/image\/"}}]}},"_links":{"self":[{"href":"https:\/\/www.gruenden.uni-freiburg.de\/wordpress\/wp-json\/wp\/v2\/event_listing\/4669","targetHints":{"allow":["GET"]}}],"collection":[{"href":"https:\/\/www.gruenden.uni-freiburg.de\/wordpress\/wp-json\/wp\/v2\/event_listing"}],"about":[{"href":"https:\/\/www.gruenden.uni-freiburg.de\/wordpress\/wp-json\/wp\/v2\/types\/event_listing"}],"wp:featuredmedia":[{"embeddable":true,"href":"https:\/\/www.gruenden.uni-freiburg.de\/wordpress\/wp-json\/wp\/v2\/media\/4667"}],"wp:attachment":[{"href":"https:\/\/www.gruenden.uni-freiburg.de\/wordpress\/wp-json\/wp\/v2\/media?parent=4669"}],"wp:term":[{"taxonomy":"event_listing_category","embeddable":true,"href":"https:\/\/www.gruenden.uni-freiburg.de\/wordpress\/wp-json\/wp\/v2\/event_listing_category?post=4669"},{"taxonomy":"event_listing_type","embeddable":true,"href":"https:\/\/www.gruenden.uni-freiburg.de\/wordpress\/wp-json\/wp\/v2\/event_listing_type?post=4669"}],"curies":[{"name":"wp","href":"https:\/\/api.w.org\/{rel}","templated":true}]}}