{"id":5532,"date":"2026-02-12T13:54:39","date_gmt":"2026-02-12T12:54:39","guid":{"rendered":"https:\/\/www.gruenden.uni-freiburg.de\/wordpress\/?post_type=event_listing&#038;p=5532"},"modified":"2026-08-29T00:45:45","modified_gmt":"2026-08-28T22:45:45","slug":"ktur%c2%b2-summer-school-on-entrepreneurship-2026","status":"expired","type":"event_listing","link":"https:\/\/www.gruenden.uni-freiburg.de\/wordpress\/veranstaltung\/ktur%c2%b2-summer-school-on-entrepreneurship-2026\/","title":{"rendered":"KTUR\u00b2 Summer School on Entrepreneurship 2026"},"content":{"rendered":"\n<figure class=\"wp-block-image alignright size-large is-resized\"><img fetchpriority=\"high\" decoding=\"async\" width=\"1024\" height=\"585\" src=\"https:\/\/www.gruenden.uni-freiburg.de\/wordpress\/wp-content\/uploads\/2024\/12\/KTUR-Logo-white-background-1024x585.png\" alt=\"\" class=\"wp-image-3537\" style=\"width:205px;height:auto\" srcset=\"https:\/\/www.gruenden.uni-freiburg.de\/wordpress\/wp-content\/uploads\/2024\/12\/KTUR-Logo-white-background-1024x585.png 1024w, https:\/\/www.gruenden.uni-freiburg.de\/wordpress\/wp-content\/uploads\/2024\/12\/KTUR-Logo-white-background-300x171.png 300w, https:\/\/www.gruenden.uni-freiburg.de\/wordpress\/wp-content\/uploads\/2024\/12\/KTUR-Logo-white-background-768x439.png 768w, https:\/\/www.gruenden.uni-freiburg.de\/wordpress\/wp-content\/uploads\/2024\/12\/KTUR-Logo-white-background-1536x878.png 1536w, https:\/\/www.gruenden.uni-freiburg.de\/wordpress\/wp-content\/uploads\/2024\/12\/KTUR-Logo-white-background-2048x1170.png 2048w\" sizes=\"(max-width: 1024px) 100vw, 1024px\" \/><\/figure>\n\n\n\n<h2 class=\"wp-block-heading\">On the way to your own company!<\/h2>\n\n\n\n<p>The Summer School provides first-hand insights into the dynamic world of entrepreneurs.&nbsp;Over the course of a week, the big questions of any business are examined from a practical perspective: What is my business model? How do I make money? Where does the funding come from? How can I attract enough customers? Am I suitable as an entrepreneur?<\/p>\n\n\n\n<p>You will work with entrepreneurs and academics from France, Germany and Switzerland in an interactive setting to come up with business ideas and develop a working business model.<\/p>\n\n\n\n<p><strong><a href=\"https:\/\/www.gruenden.uni-freiburg.de\/wordpress\/veranstaltungen\/ktur-summer-school-on-entrepreneurship\/\" target=\"_blank\" rel=\"noreferrer noopener\">More information<\/a><\/strong><\/p>\n\n\n\n<div class=\"wp-block-buttons is-layout-flex wp-block-buttons-is-layout-flex\">\n<div class=\"wp-block-button\"><a class=\"wp-block-button__link wp-element-button\" href=\"https:\/\/ktur.eu\/en\/trinational-ktur%c2%b2-summer-school-on-entrepreneurship\/\" target=\"_blank\" rel=\"noreferrer noopener\">Apply now!<\/a><\/div>\n<\/div>\n\n\n\n<figure class=\"wp-block-image size-large\"><img decoding=\"async\" width=\"1024\" height=\"256\" src=\"https:\/\/www.gruenden.uni-freiburg.de\/wordpress\/wp-content\/uploads\/2024\/11\/Partners-Banner--1024x256.png\" alt=\"\" class=\"wp-image-3503\" srcset=\"https:\/\/www.gruenden.uni-freiburg.de\/wordpress\/wp-content\/uploads\/2024\/11\/Partners-Banner--1024x256.png 1024w, https:\/\/www.gruenden.uni-freiburg.de\/wordpress\/wp-content\/uploads\/2024\/11\/Partners-Banner--300x75.png 300w, https:\/\/www.gruenden.uni-freiburg.de\/wordpress\/wp-content\/uploads\/2024\/11\/Partners-Banner--768x192.png 768w, https:\/\/www.gruenden.uni-freiburg.de\/wordpress\/wp-content\/uploads\/2024\/11\/Partners-Banner--1536x384.png 1536w, https:\/\/www.gruenden.uni-freiburg.de\/wordpress\/wp-content\/uploads\/2024\/11\/Partners-Banner-.png 1584w\" sizes=\"(max-width: 1024px) 100vw, 1024px\" \/><\/figure>\n","protected":false},"featured_media":1848,"template":"","meta":{"site-sidebar-layout":"default","site-content-layout":"","ast-site-content-layout":"default","site-content-style":"default","site-sidebar-style":"default","ast-global-header-display":"","ast-banner-title-visibility":"","ast-main-header-display":"","ast-hfb-above-header-display":"","ast-hfb-below-header-display":"","ast-hfb-mobile-header-display":"","site-post-title":"","ast-breadcrumbs-content":"","ast-featured-img":"","footer-sml-layout":"","theme-transparent-header-meta":"","adv-header-id-meta":"","stick-header-meta":"","header-above-stick-meta":"","header-main-stick-meta":"","header-below-stick-meta":"","astra-migrate-meta-layouts":"set","ast-page-background-enabled":"default","ast-page-background-meta":{"desktop":{"background-color":"","background-image":"","background-repeat":"repeat","background-position":"center center","background-size":"auto","background-attachment":"scroll","background-type":"","background-media":"","overlay-type":"","overlay-color":"","overlay-opacity":"","overlay-gradient":""},"tablet":{"background-color":"","background-image":"","background-repeat":"repeat","background-position":"center center","background-size":"auto","background-attachment":"scroll","background-type":"","background-media":"","overlay-type":"","overlay-color":"","overlay-opacity":"","overlay-gradient":""},"mobile":{"background-color":"","background-image":"","background-repeat":"repeat","background-position":"center center","background-size":"auto","background-attachment":"scroll","background-type":"","background-media":"","overlay-type":"","overlay-color":"","overlay-opacity":"","overlay-gradient":""}},"ast-content-background-meta":{"desktop":{"background-color":"var(--ast-global-color-5)","background-image":"","background-repeat":"repeat","background-position":"center center","background-size":"auto","background-attachment":"scroll","background-type":"","background-media":"","overlay-type":"","overlay-color":"","overlay-opacity":"","overlay-gradient":""},"tablet":{"background-color":"var(--ast-global-color-5)","background-image":"","background-repeat":"repeat","background-position":"center center","background-size":"auto","background-attachment":"scroll","background-type":"","background-media":"","overlay-type":"","overlay-color":"","overlay-opacity":"","overlay-gradient":""},"mobile":{"background-color":"var(--ast-global-color-5)","background-image":"","background-repeat":"repeat","background-position":"center center","background-size":"auto","background-attachment":"scroll","background-type":"","background-media":"","overlay-type":"","overlay-color":"","overlay-opacity":"","overlay-gradient":""}}},"event_listing_category":[],"event_listing_type":[43,57,7],"class_list":["post-5532","event_listing","type-event_listing","status-expired","has-post-thumbnail","hentry","event_listing_type-english","event_listing_type-target-group-young-researchers-graduates-and-post-docs","event_listing_type-zfs-lehrveranstaltung-bok"],"yoast_head":"<!-- This site is optimized with the Yoast SEO plugin v26.2 - https:\/\/yoast.com\/wordpress\/plugins\/seo\/ -->\n<title>KTUR\u00b2 Summer School on Entrepreneurship 2026 - Gr\u00fcndungsb\u00fcro Universit\u00e4t Freiburg<\/title>\n<meta name=\"description\" content=\"The Summer School provides first-hand insights into the dynamic world of entrepreneurs.\u00a0Over the course of a week, the big questions of any business are examined from a practical perspective: What is my business model? How do I make money? Where does the funding come from? How can I attract enough customers? Am I suitable as an entrepreneur?\" \/>\n<meta name=\"robots\" content=\"index, follow, max-snippet:-1, max-image-preview:large, max-video-preview:-1\" \/>\n<link rel=\"canonical\" href=\"https:\/\/www.gruenden.uni-freiburg.de\/wordpress\/veranstaltung\/ktur\u00b2-summer-school-on-entrepreneurship-2026\/\" \/>\n<meta property=\"og:locale\" content=\"de_DE\" \/>\n<meta property=\"og:type\" content=\"article\" \/>\n<meta property=\"og:title\" content=\"KTUR\u00b2 Summer School on Entrepreneurship 2026 - Gr\u00fcndungsb\u00fcro Universit\u00e4t Freiburg\" \/>\n<meta property=\"og:description\" content=\"The Summer School provides first-hand insights into the dynamic world of entrepreneurs.\u00a0Over the course of a week, the big questions of any business are examined from a practical perspective: What is my business model? How do I make money? Where does the funding come from? How can I attract enough customers? Am I suitable as an entrepreneur?\" \/>\n<meta property=\"og:url\" content=\"https:\/\/www.gruenden.uni-freiburg.de\/wordpress\/veranstaltung\/ktur\u00b2-summer-school-on-entrepreneurship-2026\/\" \/>\n<meta property=\"og:site_name\" content=\"Gr\u00fcndungsb\u00fcro Universit\u00e4t Freiburg\" \/>\n<meta property=\"article:modified_time\" content=\"2026-08-28T22:45:45+00:00\" \/>\n<meta property=\"og:image\" content=\"https:\/\/www.gruenden.uni-freiburg.de\/wordpress\/wp-content\/uploads\/2023\/10\/Picture_Summer_School_2022-scaled.jpg\" \/>\n\t<meta property=\"og:image:width\" content=\"2560\" \/>\n\t<meta property=\"og:image:height\" content=\"1846\" \/>\n\t<meta property=\"og:image:type\" content=\"image\/jpeg\" \/>\n<meta name=\"twitter:card\" content=\"summary_large_image\" \/>\n<meta name=\"twitter:label1\" content=\"Gesch\u00e4tzte Lesezeit\" \/>\n\t<meta name=\"twitter:data1\" content=\"2\u00a0Minuten\" \/>\n<script type=\"application\/ld+json\" class=\"yoast-schema-graph\">{\"@context\":\"https:\/\/schema.org\",\"@graph\":[{\"@type\":\"WebPage\",\"@id\":\"https:\/\/www.gruenden.uni-freiburg.de\/wordpress\/veranstaltung\/ktur%c2%b2-summer-school-on-entrepreneurship-2026\/\",\"url\":\"https:\/\/www.gruenden.uni-freiburg.de\/wordpress\/veranstaltung\/ktur%c2%b2-summer-school-on-entrepreneurship-2026\/\",\"name\":\"KTUR\u00b2 Summer School on Entrepreneurship 2026 - Gr\u00fcndungsb\u00fcro Universit\u00e4t Freiburg\",\"isPartOf\":{\"@id\":\"https:\/\/www.gruenden.uni-freiburg.de\/wordpress\/#website\"},\"primaryImageOfPage\":{\"@id\":\"https:\/\/www.gruenden.uni-freiburg.de\/wordpress\/veranstaltung\/ktur%c2%b2-summer-school-on-entrepreneurship-2026\/#primaryimage\"},\"image\":{\"@id\":\"https:\/\/www.gruenden.uni-freiburg.de\/wordpress\/veranstaltung\/ktur%c2%b2-summer-school-on-entrepreneurship-2026\/#primaryimage\"},\"thumbnailUrl\":\"https:\/\/www.gruenden.uni-freiburg.de\/wordpress\/wp-content\/uploads\/2023\/10\/Picture_Summer_School_2022-scaled.jpg\",\"datePublished\":\"2026-02-12T12:54:39+00:00\",\"dateModified\":\"2026-08-28T22:45:45+00:00\",\"description\":\"The Summer School provides first-hand insights into the dynamic world of entrepreneurs.\u00a0Over the course of a week, the big questions of any business are examined from a practical perspective: What is my business model? How do I make money? Where does the funding come from? How can I attract enough customers? Am I suitable as an entrepreneur?\",\"breadcrumb\":{\"@id\":\"https:\/\/www.gruenden.uni-freiburg.de\/wordpress\/veranstaltung\/ktur%c2%b2-summer-school-on-entrepreneurship-2026\/#breadcrumb\"},\"inLanguage\":\"de\",\"potentialAction\":[{\"@type\":\"ReadAction\",\"target\":[\"https:\/\/www.gruenden.uni-freiburg.de\/wordpress\/veranstaltung\/ktur%c2%b2-summer-school-on-entrepreneurship-2026\/\"]}]},{\"@type\":\"ImageObject\",\"inLanguage\":\"de\",\"@id\":\"https:\/\/www.gruenden.uni-freiburg.de\/wordpress\/veranstaltung\/ktur%c2%b2-summer-school-on-entrepreneurship-2026\/#primaryimage\",\"url\":\"https:\/\/www.gruenden.uni-freiburg.de\/wordpress\/wp-content\/uploads\/2023\/10\/Picture_Summer_School_2022-scaled.jpg\",\"contentUrl\":\"https:\/\/www.gruenden.uni-freiburg.de\/wordpress\/wp-content\/uploads\/2023\/10\/Picture_Summer_School_2022-scaled.jpg\",\"width\":2560,\"height\":1846},{\"@type\":\"BreadcrumbList\",\"@id\":\"https:\/\/www.gruenden.uni-freiburg.de\/wordpress\/veranstaltung\/ktur%c2%b2-summer-school-on-entrepreneurship-2026\/#breadcrumb\",\"itemListElement\":[{\"@type\":\"ListItem\",\"position\":1,\"name\":\"Startseite\",\"item\":\"https:\/\/www.gruenden.uni-freiburg.de\/wordpress\/\"},{\"@type\":\"ListItem\",\"position\":2,\"name\":\"KTUR\u00b2 Summer School on Entrepreneurship 2026\"}]},{\"@type\":\"WebSite\",\"@id\":\"https:\/\/www.gruenden.uni-freiburg.de\/wordpress\/#website\",\"url\":\"https:\/\/www.gruenden.uni-freiburg.de\/wordpress\/\",\"name\":\"Gr\u00fcndungsb\u00fcro Universit\u00e4t Freiburg\",\"description\":\"gr\u00fcnden\",\"publisher\":{\"@id\":\"https:\/\/www.gruenden.uni-freiburg.de\/wordpress\/#organization\"},\"potentialAction\":[{\"@type\":\"SearchAction\",\"target\":{\"@type\":\"EntryPoint\",\"urlTemplate\":\"https:\/\/www.gruenden.uni-freiburg.de\/wordpress\/?s={search_term_string}\"},\"query-input\":{\"@type\":\"PropertyValueSpecification\",\"valueRequired\":true,\"valueName\":\"search_term_string\"}}],\"inLanguage\":\"de\"},{\"@type\":\"Organization\",\"@id\":\"https:\/\/www.gruenden.uni-freiburg.de\/wordpress\/#organization\",\"name\":\"Gr\u00fcndungsb\u00fcro Universit\u00e4t Freiburg\",\"url\":\"https:\/\/www.gruenden.uni-freiburg.de\/wordpress\/\",\"logo\":{\"@type\":\"ImageObject\",\"inLanguage\":\"de\",\"@id\":\"https:\/\/www.gruenden.uni-freiburg.de\/wordpress\/#\/schema\/logo\/image\/\",\"url\":\"https:\/\/www.gruenden.uni-freiburg.de\/wordpress\/wp-content\/uploads\/2025\/09\/Logo_GB_blauer_Hintergrund_gruen.png\",\"contentUrl\":\"https:\/\/www.gruenden.uni-freiburg.de\/wordpress\/wp-content\/uploads\/2025\/09\/Logo_GB_blauer_Hintergrund_gruen.png\",\"width\":500,\"height\":500,\"caption\":\"Gr\u00fcndungsb\u00fcro Universit\u00e4t Freiburg\"},\"image\":{\"@id\":\"https:\/\/www.gruenden.uni-freiburg.de\/wordpress\/#\/schema\/logo\/image\/\"}}]}<\/script>\n<!-- \/ Yoast SEO plugin. -->","yoast_head_json":{"title":"KTUR\u00b2 Summer School on Entrepreneurship 2026 - Gr\u00fcndungsb\u00fcro Universit\u00e4t Freiburg","description":"The Summer School provides first-hand insights into the dynamic world of entrepreneurs.\u00a0Over the course of a week, the big questions of any business are examined from a practical perspective: What is my business model? How do I make money? Where does the funding come from? How can I attract enough customers? Am I suitable as an entrepreneur?","robots":{"index":"index","follow":"follow","max-snippet":"max-snippet:-1","max-image-preview":"max-image-preview:large","max-video-preview":"max-video-preview:-1"},"canonical":"https:\/\/www.gruenden.uni-freiburg.de\/wordpress\/veranstaltung\/ktur\u00b2-summer-school-on-entrepreneurship-2026\/","og_locale":"de_DE","og_type":"article","og_title":"KTUR\u00b2 Summer School on Entrepreneurship 2026 - Gr\u00fcndungsb\u00fcro Universit\u00e4t Freiburg","og_description":"The Summer School provides first-hand insights into the dynamic world of entrepreneurs.\u00a0Over the course of a week, the big questions of any business are examined from a practical perspective: What is my business model? How do I make money? Where does the funding come from? How can I attract enough customers? Am I suitable as an entrepreneur?","og_url":"https:\/\/www.gruenden.uni-freiburg.de\/wordpress\/veranstaltung\/ktur\u00b2-summer-school-on-entrepreneurship-2026\/","og_site_name":"Gr\u00fcndungsb\u00fcro Universit\u00e4t Freiburg","article_modified_time":"2026-08-28T22:45:45+00:00","og_image":[{"width":2560,"height":1846,"url":"https:\/\/www.gruenden.uni-freiburg.de\/wordpress\/wp-content\/uploads\/2023\/10\/Picture_Summer_School_2022-scaled.jpg","type":"image\/jpeg"}],"twitter_card":"summary_large_image","twitter_misc":{"Gesch\u00e4tzte Lesezeit":"2\u00a0Minuten"},"schema":{"@context":"https:\/\/schema.org","@graph":[{"@type":"WebPage","@id":"https:\/\/www.gruenden.uni-freiburg.de\/wordpress\/veranstaltung\/ktur%c2%b2-summer-school-on-entrepreneurship-2026\/","url":"https:\/\/www.gruenden.uni-freiburg.de\/wordpress\/veranstaltung\/ktur%c2%b2-summer-school-on-entrepreneurship-2026\/","name":"KTUR\u00b2 Summer School on Entrepreneurship 2026 - Gr\u00fcndungsb\u00fcro Universit\u00e4t Freiburg","isPartOf":{"@id":"https:\/\/www.gruenden.uni-freiburg.de\/wordpress\/#website"},"primaryImageOfPage":{"@id":"https:\/\/www.gruenden.uni-freiburg.de\/wordpress\/veranstaltung\/ktur%c2%b2-summer-school-on-entrepreneurship-2026\/#primaryimage"},"image":{"@id":"https:\/\/www.gruenden.uni-freiburg.de\/wordpress\/veranstaltung\/ktur%c2%b2-summer-school-on-entrepreneurship-2026\/#primaryimage"},"thumbnailUrl":"https:\/\/www.gruenden.uni-freiburg.de\/wordpress\/wp-content\/uploads\/2023\/10\/Picture_Summer_School_2022-scaled.jpg","datePublished":"2026-02-12T12:54:39+00:00","dateModified":"2026-08-28T22:45:45+00:00","description":"The Summer School provides first-hand insights into the dynamic world of entrepreneurs.\u00a0Over the course of a week, the big questions of any business are examined from a practical perspective: What is my business model? How do I make money? Where does the funding come from? How can I attract enough customers? Am I suitable as an entrepreneur?","breadcrumb":{"@id":"https:\/\/www.gruenden.uni-freiburg.de\/wordpress\/veranstaltung\/ktur%c2%b2-summer-school-on-entrepreneurship-2026\/#breadcrumb"},"inLanguage":"de","potentialAction":[{"@type":"ReadAction","target":["https:\/\/www.gruenden.uni-freiburg.de\/wordpress\/veranstaltung\/ktur%c2%b2-summer-school-on-entrepreneurship-2026\/"]}]},{"@type":"ImageObject","inLanguage":"de","@id":"https:\/\/www.gruenden.uni-freiburg.de\/wordpress\/veranstaltung\/ktur%c2%b2-summer-school-on-entrepreneurship-2026\/#primaryimage","url":"https:\/\/www.gruenden.uni-freiburg.de\/wordpress\/wp-content\/uploads\/2023\/10\/Picture_Summer_School_2022-scaled.jpg","contentUrl":"https:\/\/www.gruenden.uni-freiburg.de\/wordpress\/wp-content\/uploads\/2023\/10\/Picture_Summer_School_2022-scaled.jpg","width":2560,"height":1846},{"@type":"BreadcrumbList","@id":"https:\/\/www.gruenden.uni-freiburg.de\/wordpress\/veranstaltung\/ktur%c2%b2-summer-school-on-entrepreneurship-2026\/#breadcrumb","itemListElement":[{"@type":"ListItem","position":1,"name":"Startseite","item":"https:\/\/www.gruenden.uni-freiburg.de\/wordpress\/"},{"@type":"ListItem","position":2,"name":"KTUR\u00b2 Summer School on Entrepreneurship 2026"}]},{"@type":"WebSite","@id":"https:\/\/www.gruenden.uni-freiburg.de\/wordpress\/#website","url":"https:\/\/www.gruenden.uni-freiburg.de\/wordpress\/","name":"Gr\u00fcndungsb\u00fcro Universit\u00e4t Freiburg","description":"gr\u00fcnden","publisher":{"@id":"https:\/\/www.gruenden.uni-freiburg.de\/wordpress\/#organization"},"potentialAction":[{"@type":"SearchAction","target":{"@type":"EntryPoint","urlTemplate":"https:\/\/www.gruenden.uni-freiburg.de\/wordpress\/?s={search_term_string}"},"query-input":{"@type":"PropertyValueSpecification","valueRequired":true,"valueName":"search_term_string"}}],"inLanguage":"de"},{"@type":"Organization","@id":"https:\/\/www.gruenden.uni-freiburg.de\/wordpress\/#organization","name":"Gr\u00fcndungsb\u00fcro Universit\u00e4t Freiburg","url":"https:\/\/www.gruenden.uni-freiburg.de\/wordpress\/","logo":{"@type":"ImageObject","inLanguage":"de","@id":"https:\/\/www.gruenden.uni-freiburg.de\/wordpress\/#\/schema\/logo\/image\/","url":"https:\/\/www.gruenden.uni-freiburg.de\/wordpress\/wp-content\/uploads\/2025\/09\/Logo_GB_blauer_Hintergrund_gruen.png","contentUrl":"https:\/\/www.gruenden.uni-freiburg.de\/wordpress\/wp-content\/uploads\/2025\/09\/Logo_GB_blauer_Hintergrund_gruen.png","width":500,"height":500,"caption":"Gr\u00fcndungsb\u00fcro Universit\u00e4t Freiburg"},"image":{"@id":"https:\/\/www.gruenden.uni-freiburg.de\/wordpress\/#\/schema\/logo\/image\/"}}]}},"_links":{"self":[{"href":"https:\/\/www.gruenden.uni-freiburg.de\/wordpress\/wp-json\/wp\/v2\/event_listing\/5532","targetHints":{"allow":["GET"]}}],"collection":[{"href":"https:\/\/www.gruenden.uni-freiburg.de\/wordpress\/wp-json\/wp\/v2\/event_listing"}],"about":[{"href":"https:\/\/www.gruenden.uni-freiburg.de\/wordpress\/wp-json\/wp\/v2\/types\/event_listing"}],"wp:featuredmedia":[{"embeddable":true,"href":"https:\/\/www.gruenden.uni-freiburg.de\/wordpress\/wp-json\/wp\/v2\/media\/1848"}],"wp:attachment":[{"href":"https:\/\/www.gruenden.uni-freiburg.de\/wordpress\/wp-json\/wp\/v2\/media?parent=5532"}],"wp:term":[{"taxonomy":"event_listing_category","embeddable":true,"href":"https:\/\/www.gruenden.uni-freiburg.de\/wordpress\/wp-json\/wp\/v2\/event_listing_category?post=5532"},{"taxonomy":"event_listing_type","embeddable":true,"href":"https:\/\/www.gruenden.uni-freiburg.de\/wordpress\/wp-json\/wp\/v2\/event_listing_type?post=5532"}],"curies":[{"name":"wp","href":"https:\/\/api.w.org\/{rel}","templated":true}]}}